{"id":66589,"date":"2023-03-15T15:37:48","date_gmt":"2023-03-15T14:37:48","guid":{"rendered":"https:\/\/www.alldayled.com\/product\/man-tg3-drl-unit-oranje\/"},"modified":"2026-04-12T13:55:54","modified_gmt":"2026-04-12T11:55:54","slug":"man-tg3-drl-unit-oranje","status":"publish","type":"product","link":"https:\/\/www.alldayled.com\/de\/produkt\/man-tg3-drl-unit-oranje\/","title":{"rendered":"Tagfahrlicht MAN 2020+ orange"},"content":{"rendered":"<p><span style=\"color: #000000;\"><strong>Tagfahrlicht ORANGE, passend f\u00fcr einen MAN TG3.<\/strong><\/span><\/p>\n<p><span style=\"color: #000000;\">M\u00f6chtest du das originale wei\u00dfe LED-Tagfahrlicht deines MAN TG3 durch eine orange Farbe ersetzen? Dann ist dieses DRL-Set genau das Richtige f\u00fcr dich. Dieses Set besteht aus zwei LED-Platinen, mit denen du sowohl das linke als auch das rechte Modul austauschen kannst. Die original verbaute Beleuchtung ersetzt du ganz einfach durch die orange Variante.   <\/span><\/p>\n<p><span style=\"color: #000000;\">Da Sie vor dem Kauf wissen m\u00f6chten, dass das Set f\u00fcr Ihren LKW geeignet ist, haben wir hier einige wichtige Punkte aufgeschrieben. Es ist wichtig, dass die original montierten Einheiten exakt die gleichen sind wie die auf Abbildung zwei. Wenn die original montierte Einheit nicht \u00fcbereinstimmt, passt diese Ersatzlampe nicht.   Zudem ist das MAN TG3 Tagfahrlicht orange nur f\u00fcr Modelle ab Baujahr 2020+ geeignet. Diese DRL-Einheit ist nicht f\u00fcr den \u00f6ffentlichen Stra\u00dfenverkehr zugelassen; bei der Hauptuntersuchung kann die Werkstatt verlangen, das Originalmodul wieder einzusetzen. Bewahre dieses also gut auf, um Probleme bei der Pr\u00fcfung zu vermeiden.   <\/span><\/p>\n<h5><span style=\"color: #000000;\"><strong>Weitere Modelle:  <\/strong><\/span><\/h5>\n<p><span style=\"color: #000000;\">Hast du einen MAN TGS, TGA oder TGX LKW, m\u00f6chtest aber das Tagfahrlicht nicht auf die Farbe Orange umstellen? Oder stimmen die Einheiten nicht mit denen auf dem Foto \u00fcberein? Dann wisse, dass dieses DRL-Modul auch in anderen Farben und f\u00fcr andere Modelle erh\u00e4ltlich ist. Schau dir unten die weiteren Optionen an:   <\/span><\/p>\n<ul>\n<li><span style=\"color: #000000;\"><a style=\"color: #000000;\" href=\"https:\/\/www.alldayled.com\/de\/produkt\/man-tg1-drl-unit-oranje\/\" target=\"_blank\" rel=\"noopener\"><strong>MAN TG1 LED DRL orange 2012+<\/strong><\/a><\/span><\/li>\n<li><span style=\"color: #000000;\"><strong><a style=\"color: #000000;\" href=\"https:\/\/www.alldayled.com\/de\/produkt\/man-tg2-drl-unit-oranje\/\" target=\"_blank\" rel=\"noopener\">MAN TG2 LED DRL orange 2021+<\/a><br \/>\n<\/strong><\/span><\/li>\n<li><span style=\"color: #000000;\"><a style=\"color: #000000;\" href=\"https:\/\/www.alldayled.com\/de\/produkt\/man-tg3-drl-unit-warm-wit\/\" target=\"_blank\" rel=\"noopener\"><strong>MAN TG3 LED DRL w-wei\u00df 2021+<\/strong><\/a><\/span><\/li>\n<\/ul>\n<p><span style=\"color: #000000;\">M\u00f6chtest du nicht nur das Tagfahrlicht deines MAN TG3 auf Orange umr\u00fcsten? Suchst du nach weiterer LED-Beleuchtung f\u00fcr deinen MAN LKW? Dann wirf auch einen Blick auf die Seite <a style=\"color: #000000;\" href=\"https:\/\/www.alldayled.com\/product-categorie\/verlichting-vrachtwagen\/man-verlichting\/\" target=\"_blank\" rel=\"noopener\">MAN Beleuchtung<\/a>.  <\/span><\/p>\n","protected":false},"excerpt":{"rendered":"<p>DRL-Einheit orange, passend f\u00fcr MAN TG3 mit Baujahr 2020+.<\/p>\n","protected":false},"featured_media":24375,"comment_status":"open","ping_status":"closed","template":"","meta":{"_acf_changed":false},"product_brand":[6501],"product_cat":[5411,5328],"product_tag":[5573,9384,9383,9385,9386,9387,9388],"class_list":{"0":"post-66589","1":"product","2":"type-product","3":"status-publish","4":"has-post-thumbnail","6":"product_brand-mtrs","7":"product_cat-man-verlichting","8":"product_cat-dagrijlampen","9":"product_tag-drl-module","10":"product_tag-led-tagfahrlicht","11":"product_tag-tagfahrlicht-lkw","12":"product_tag-tagfahrlicht-man","13":"product_tag-tagfahrlicht-man-tga","14":"product_tag-tagfahrlicht-man-tgs","15":"product_tag-tagfahrlicht-man-tgx","17":"first","18":"instock","19":"taxable","20":"shipping-taxable","21":"purchasable","22":"product-type-simple"},"acf":[],"yoast_head":"<!-- This site is optimized with the Yoast SEO Premium plugin v26.5 (Yoast SEO v27.1.1) - https:\/\/yoast.com\/product\/yoast-seo-premium-wordpress\/ -->\n<title>MAN TG3 Tagfahrlicht ORANGE - All Day Led - Bj. 2020+<\/title>\n<meta name=\"description\" content=\"MAN TG3 Tagfahrlicht orange - Baujahr 2020+ - f\u00fcr alle MAN TG3 Modelle - orange DRL-Einheit - Plug &amp; Play - orange LKW-Beleuchtung\" \/>\n<meta name=\"robots\" content=\"index, follow, max-snippet:-1, max-image-preview:large, max-video-preview:-1\" \/>\n<link rel=\"canonical\" href=\"https:\/\/www.alldayled.com\/de\/produkt\/man-tg3-drl-unit-oranje\/\" \/>\n<meta property=\"og:locale\" content=\"de_DE\" \/>\n<meta property=\"og:type\" content=\"article\" \/>\n<meta property=\"og:title\" content=\"MAN TG3 Tagfahrlicht ORANGE - All Day Led - Bj. 2020+\" \/>\n<meta property=\"og:description\" content=\"MAN TG3 Tagfahrlicht orange - Baujahr 2020+ - f\u00fcr alle MAN TG3 Modelle - orange DRL-Einheit - Plug &amp; Play - orange LKW-Beleuchtung\" \/>\n<meta property=\"og:url\" content=\"https:\/\/www.alldayled.com\/de\/produkt\/man-tg3-drl-unit-oranje\/\" \/>\n<meta property=\"og:site_name\" content=\"All Day Led\" \/>\n<meta property=\"article:publisher\" content=\"https:\/\/www.facebook.com\/alldayled\/\" \/>\n<meta property=\"article:modified_time\" content=\"2026-04-12T11:55:54+00:00\" \/>\n<meta property=\"og:image\" content=\"https:\/\/www.alldayled.com\/wp-content\/uploads\/2025\/05\/ADL00945-S-M-3-300x300.png\" \/>\n<meta name=\"twitter:label1\" content=\"Preis\" \/>\n\t<meta name=\"twitter:data1\" content=\"&euro;&nbsp;165,00\" \/>\n\t<meta name=\"twitter:label2\" content=\"Verf\u00fcgbarkeit\" \/>\n\t<meta name=\"twitter:data2\" content=\"Auf Lager\" \/>\n<script type=\"application\/ld+json\" class=\"yoast-schema-graph\">{\"@context\":\"https:\/\/schema.org\",\"@graph\":[{\"@type\":\"WebPage\",\"@id\":\"https:\/\/www.alldayled.com\/de\/produkt\/man-tg3-drl-unit-oranje\/\",\"url\":\"https:\/\/www.alldayled.com\/de\/produkt\/man-tg3-drl-unit-oranje\/\",\"name\":\"MAN TG3 Tagfahrlicht ORANGE - All Day Led - Bj. 2020+\",\"isPartOf\":{\"@id\":\"https:\/\/www.alldayled.com\/de\/#website\"},\"primaryImageOfPage\":{\"@id\":\"https:\/\/www.alldayled.com\/de\/produkt\/man-tg3-drl-unit-oranje\/#primaryimage\"},\"image\":{\"@id\":\"https:\/\/www.alldayled.com\/de\/produkt\/man-tg3-drl-unit-oranje\/#primaryimage\"},\"thumbnailUrl\":\"https:\/\/www.alldayled.com\/wp-content\/uploads\/2023\/03\/ADL00945.png\",\"datePublished\":\"2023-03-15T14:37:48+00:00\",\"dateModified\":\"2026-04-12T11:55:54+00:00\",\"description\":\"MAN TG3 Tagfahrlicht orange - Baujahr 2020+ - f\u00fcr alle MAN TG3 Modelle - orange DRL-Einheit - Plug & Play - orange LKW-Beleuchtung\",\"breadcrumb\":{\"@id\":\"https:\/\/www.alldayled.com\/de\/produkt\/man-tg3-drl-unit-oranje\/#breadcrumb\"},\"inLanguage\":\"de\",\"potentialAction\":[{\"@type\":\"ReadAction\",\"target\":[\"https:\/\/www.alldayled.com\/de\/produkt\/man-tg3-drl-unit-oranje\/\"]}]},{\"@type\":\"ImageObject\",\"inLanguage\":\"de\",\"@id\":\"https:\/\/www.alldayled.com\/de\/produkt\/man-tg3-drl-unit-oranje\/#primaryimage\",\"url\":\"https:\/\/www.alldayled.com\/wp-content\/uploads\/2023\/03\/ADL00945.png\",\"contentUrl\":\"https:\/\/www.alldayled.com\/wp-content\/uploads\/2023\/03\/ADL00945.png\",\"width\":800,\"height\":600,\"caption\":\"MAN TG3 LED Tagfahrlicht orange - f\u00fcr MAN TGS, TGA, TGX - Baujahr 2021+ - MAN LED DRL-Einheit - EAN: 6090536231263\"},{\"@type\":\"BreadcrumbList\",\"@id\":\"https:\/\/www.alldayled.com\/de\/produkt\/man-tg3-drl-unit-oranje\/#breadcrumb\",\"itemListElement\":[{\"@type\":\"ListItem\",\"position\":1,\"name\":\"Home\",\"item\":\"https:\/\/www.alldayled.com\/de\/\"},{\"@type\":\"ListItem\",\"position\":2,\"name\":\"Shop\",\"item\":\"https:\/\/www.alldayled.com\/de\/shop\/\"},{\"@type\":\"ListItem\",\"position\":3,\"name\":\"Andere\",\"item\":\"https:\/\/www.alldayled.com\/de\/produkt-kategorie\/andere-produkte\/\"},{\"@type\":\"ListItem\",\"position\":4,\"name\":\"Tagfahrlicht\",\"item\":\"https:\/\/www.alldayled.com\/de\/produkt-kategorie\/andere-produkte\/dagrijlampen\/\"},{\"@type\":\"ListItem\",\"position\":5,\"name\":\"Tagfahrlicht MAN 2020+ orange\"}]},{\"@type\":\"WebSite\",\"@id\":\"https:\/\/www.alldayled.com\/de\/#website\",\"url\":\"https:\/\/www.alldayled.com\/de\/\",\"name\":\"All Day Led\",\"description\":\"Verlichting voor 12&amp;24 volt gebruik\",\"publisher\":{\"@id\":\"https:\/\/www.alldayled.com\/de\/#organization\"},\"potentialAction\":[{\"@type\":\"SearchAction\",\"target\":{\"@type\":\"EntryPoint\",\"urlTemplate\":\"https:\/\/www.alldayled.com\/de\/?s={search_term_string}\"},\"query-input\":{\"@type\":\"PropertyValueSpecification\",\"valueRequired\":true,\"valueName\":\"search_term_string\"}}],\"inLanguage\":\"de\"},{\"@type\":\"Organization\",\"@id\":\"https:\/\/www.alldayled.com\/de\/#organization\",\"name\":\"All Day Led\",\"url\":\"https:\/\/www.alldayled.com\/de\/\",\"logo\":{\"@type\":\"ImageObject\",\"inLanguage\":\"de\",\"@id\":\"https:\/\/www.alldayled.com\/de\/#\/schema\/logo\/image\/\",\"url\":\"https:\/\/www.alldayled.com\/wp-content\/uploads\/2025\/10\/Logo-ALL-DAY-LED-800x800-zwart-witte-letters.png\",\"contentUrl\":\"https:\/\/www.alldayled.com\/wp-content\/uploads\/2025\/10\/Logo-ALL-DAY-LED-800x800-zwart-witte-letters.png\",\"width\":800,\"height\":800,\"caption\":\"All Day Led\"},\"image\":{\"@id\":\"https:\/\/www.alldayled.com\/de\/#\/schema\/logo\/image\/\"},\"sameAs\":[\"https:\/\/www.facebook.com\/alldayled\/\",\"https:\/\/www.instagram.com\/alldayled\/\"],\"vatID\":\"NL863960133B01\",\"taxID\":\"86416545\"}]}<\/script>\n<meta property=\"product:brand\" content=\"MTRS\" \/>\n<meta property=\"product:price:amount\" content=\"165.00\" \/>\n<meta property=\"product:price:currency\" content=\"EUR\" \/>\n<meta property=\"og:availability\" content=\"instock\" \/>\n<meta property=\"product:availability\" content=\"instock\" \/>\n<meta property=\"product:retailer_item_id\" content=\"ADL00945\" \/>\n<meta property=\"product:condition\" content=\"new\" \/>\n<!-- \/ Yoast SEO Premium plugin. -->","yoast_head_json":{"title":"MAN TG3 Tagfahrlicht ORANGE - All Day Led - Bj. 2020+","description":"MAN TG3 Tagfahrlicht orange - Baujahr 2020+ - f\u00fcr alle MAN TG3 Modelle - orange DRL-Einheit - Plug & Play - orange LKW-Beleuchtung","robots":{"index":"index","follow":"follow","max-snippet":"max-snippet:-1","max-image-preview":"max-image-preview:large","max-video-preview":"max-video-preview:-1"},"canonical":"https:\/\/www.alldayled.com\/de\/produkt\/man-tg3-drl-unit-oranje\/","og_locale":"de_DE","og_type":"article","og_title":"MAN TG3 Tagfahrlicht ORANGE - All Day Led - Bj. 2020+","og_description":"MAN TG3 Tagfahrlicht orange - Baujahr 2020+ - f\u00fcr alle MAN TG3 Modelle - orange DRL-Einheit - Plug & Play - orange LKW-Beleuchtung","og_url":"https:\/\/www.alldayled.com\/de\/produkt\/man-tg3-drl-unit-oranje\/","og_site_name":"All Day Led","article_publisher":"https:\/\/www.facebook.com\/alldayled\/","article_modified_time":"2026-04-12T11:55:54+00:00","og_image":[{"url":"https:\/\/www.alldayled.com\/wp-content\/uploads\/2025\/05\/ADL00945-S-M-3-300x300.png","type":"","width":"","height":""}],"twitter_misc":{"Preis":"&euro;&nbsp;165,00","Verf\u00fcgbarkeit":"Auf Lager"},"schema":{"@context":"https:\/\/schema.org","@graph":[{"@type":"WebPage","@id":"https:\/\/www.alldayled.com\/de\/produkt\/man-tg3-drl-unit-oranje\/","url":"https:\/\/www.alldayled.com\/de\/produkt\/man-tg3-drl-unit-oranje\/","name":"MAN TG3 Tagfahrlicht ORANGE - All Day Led - Bj. 2020+","isPartOf":{"@id":"https:\/\/www.alldayled.com\/de\/#website"},"primaryImageOfPage":{"@id":"https:\/\/www.alldayled.com\/de\/produkt\/man-tg3-drl-unit-oranje\/#primaryimage"},"image":{"@id":"https:\/\/www.alldayled.com\/de\/produkt\/man-tg3-drl-unit-oranje\/#primaryimage"},"thumbnailUrl":"https:\/\/www.alldayled.com\/wp-content\/uploads\/2023\/03\/ADL00945.png","datePublished":"2023-03-15T14:37:48+00:00","dateModified":"2026-04-12T11:55:54+00:00","description":"MAN TG3 Tagfahrlicht orange - Baujahr 2020+ - f\u00fcr alle MAN TG3 Modelle - orange DRL-Einheit - Plug & Play - orange LKW-Beleuchtung","breadcrumb":{"@id":"https:\/\/www.alldayled.com\/de\/produkt\/man-tg3-drl-unit-oranje\/#breadcrumb"},"inLanguage":"de","potentialAction":[{"@type":"ReadAction","target":["https:\/\/www.alldayled.com\/de\/produkt\/man-tg3-drl-unit-oranje\/"]}]},{"@type":"ImageObject","inLanguage":"de","@id":"https:\/\/www.alldayled.com\/de\/produkt\/man-tg3-drl-unit-oranje\/#primaryimage","url":"https:\/\/www.alldayled.com\/wp-content\/uploads\/2023\/03\/ADL00945.png","contentUrl":"https:\/\/www.alldayled.com\/wp-content\/uploads\/2023\/03\/ADL00945.png","width":800,"height":600,"caption":"MAN TG3 LED Tagfahrlicht orange - f\u00fcr MAN TGS, TGA, TGX - Baujahr 2021+ - MAN LED DRL-Einheit - EAN: 6090536231263"},{"@type":"BreadcrumbList","@id":"https:\/\/www.alldayled.com\/de\/produkt\/man-tg3-drl-unit-oranje\/#breadcrumb","itemListElement":[{"@type":"ListItem","position":1,"name":"Home","item":"https:\/\/www.alldayled.com\/de\/"},{"@type":"ListItem","position":2,"name":"Shop","item":"https:\/\/www.alldayled.com\/de\/shop\/"},{"@type":"ListItem","position":3,"name":"Andere","item":"https:\/\/www.alldayled.com\/de\/produkt-kategorie\/andere-produkte\/"},{"@type":"ListItem","position":4,"name":"Tagfahrlicht","item":"https:\/\/www.alldayled.com\/de\/produkt-kategorie\/andere-produkte\/dagrijlampen\/"},{"@type":"ListItem","position":5,"name":"Tagfahrlicht MAN 2020+ orange"}]},{"@type":"WebSite","@id":"https:\/\/www.alldayled.com\/de\/#website","url":"https:\/\/www.alldayled.com\/de\/","name":"All Day Led","description":"Verlichting voor 12&amp;24 volt gebruik","publisher":{"@id":"https:\/\/www.alldayled.com\/de\/#organization"},"potentialAction":[{"@type":"SearchAction","target":{"@type":"EntryPoint","urlTemplate":"https:\/\/www.alldayled.com\/de\/?s={search_term_string}"},"query-input":{"@type":"PropertyValueSpecification","valueRequired":true,"valueName":"search_term_string"}}],"inLanguage":"de"},{"@type":"Organization","@id":"https:\/\/www.alldayled.com\/de\/#organization","name":"All Day Led","url":"https:\/\/www.alldayled.com\/de\/","logo":{"@type":"ImageObject","inLanguage":"de","@id":"https:\/\/www.alldayled.com\/de\/#\/schema\/logo\/image\/","url":"https:\/\/www.alldayled.com\/wp-content\/uploads\/2025\/10\/Logo-ALL-DAY-LED-800x800-zwart-witte-letters.png","contentUrl":"https:\/\/www.alldayled.com\/wp-content\/uploads\/2025\/10\/Logo-ALL-DAY-LED-800x800-zwart-witte-letters.png","width":800,"height":800,"caption":"All Day Led"},"image":{"@id":"https:\/\/www.alldayled.com\/de\/#\/schema\/logo\/image\/"},"sameAs":["https:\/\/www.facebook.com\/alldayled\/","https:\/\/www.instagram.com\/alldayled\/"],"vatID":"NL863960133B01","taxID":"86416545"}]},"product_brand":"MTRS","product_price_amount":"165.00","product_price_currency":"EUR","og_availability":"instock","product_availability":"instock","product_retailer_item_id":"ADL00945","product_condition":"new"},"_links":{"self":[{"href":"https:\/\/www.alldayled.com\/de\/wp-json\/wp\/v2\/product\/66589","targetHints":{"allow":["GET"]}}],"collection":[{"href":"https:\/\/www.alldayled.com\/de\/wp-json\/wp\/v2\/product"}],"about":[{"href":"https:\/\/www.alldayled.com\/de\/wp-json\/wp\/v2\/types\/product"}],"replies":[{"embeddable":true,"href":"https:\/\/www.alldayled.com\/de\/wp-json\/wp\/v2\/comments?post=66589"}],"wp:featuredmedia":[{"embeddable":true,"href":"https:\/\/www.alldayled.com\/de\/wp-json\/wp\/v2\/media\/24375"}],"wp:attachment":[{"href":"https:\/\/www.alldayled.com\/de\/wp-json\/wp\/v2\/media?parent=66589"}],"wp:term":[{"taxonomy":"product_brand","embeddable":true,"href":"https:\/\/www.alldayled.com\/de\/wp-json\/wp\/v2\/product_brand?post=66589"},{"taxonomy":"product_cat","embeddable":true,"href":"https:\/\/www.alldayled.com\/de\/wp-json\/wp\/v2\/product_cat?post=66589"},{"taxonomy":"product_tag","embeddable":true,"href":"https:\/\/www.alldayled.com\/de\/wp-json\/wp\/v2\/product_tag?post=66589"}],"curies":[{"name":"wp","href":"https:\/\/api.w.org\/{rel}","templated":true}]}}