{"id":66671,"date":"2023-03-17T14:00:29","date_gmt":"2023-03-17T13:00:29","guid":{"rendered":"https:\/\/www.alldayled.com\/product\/mercedes-actros-drl-unit-oranje\/"},"modified":"2026-02-19T16:39:49","modified_gmt":"2026-02-19T15:39:49","slug":"mercedes-actros-drl-unit-oranje","status":"publish","type":"product","link":"https:\/\/www.alldayled.com\/de\/produkt\/mercedes-actros-drl-unit-oranje\/","title":{"rendered":"Tagfahrlicht Mercedes Actros 2020+ orange"},"content":{"rendered":"<p><span style=\"color: #000000;\"><strong>Tagfahrlicht ORANGE, geeignet f\u00fcr einen Mercedes Actros mit Baujahr 2020+.<\/strong><\/span><\/p>\n<p><span style=\"color: #000000;\">M\u00f6chten Sie Ihr originales wei\u00dfes LED Tagfahrlicht Ihres Mercedes Actros durch eine orange Farbe ersetzen? Dann ist dieses DRL-Set vielleicht das Set, das Sie suchen. Dieses Set besteht aus zwei LED-Pl\u00e4ttchen, mit denen Sie sowohl die linke als auch die rechte Module ver\u00e4ndern k\u00f6nnen. Sie ersetzen die original montierte Beleuchtung einfach durch die orangefarbene Variante. Unten auf der Seite finden Sie die Schritte, die Sie hierf\u00fcr befolgen m\u00fcssen.     <\/span><\/p>\n<p><span style=\"color: #000000;\">Da Sie vor dem Kauf wissen m\u00f6chten, dass das Set f\u00fcr Ihren LKW geeignet ist, haben wir hier einige wichtige Punkte aufgeschrieben. Es ist wichtig, dass die original montierten Einheiten exakt die gleichen sind wie die auf Abbildung zwei. Wenn die original montierte Einheit nicht \u00fcbereinstimmt, passt diese Ersatzlampe nicht. Weiterhin ist das Mercedes Actros Tagfahrlicht orange nur f\u00fcr Modelle ab Baujahr 2020+ geeignet. Bitte beachten Sie, dass die DRL-Einheit kein E-Pr\u00fcfzeichen hat, dies bedeutet, dass Sie die Originale f\u00fcr die Hauptuntersuchung zur\u00fcckmontieren m\u00fcssen.     <\/span><\/p>\n<div class=\"truncated\">\n<h5><span style=\"color: #000000;\"><strong>Weitere Modelle:  <\/strong><\/span><\/h5>\n<p><span style=\"color: #000000;\">Haben Sie zwar einen Mercedes LKW, aber ist dieser nicht mit den gleichen Einheiten ausgestattet, die auf Abbildung 2 abgebildet sind? Oder m\u00f6chten Sie einfach eine andere Farbe? Sehen Sie sich dann hier unten die \u00fcbrigen verf\u00fcgbaren Modelle DRL-Einheiten f\u00fcr den Mercedes LKW an:   <\/span><\/p>\n<\/div>\n<div class=\"truncated\">\n<ul>\n<li><a href=\"https:\/\/www.alldayled.com\/de\/produkt\/dagrijverlichting-scania-led-xenon-wit\/\"><span style=\"color: #000000;\"><strong>MB Actros 2020+ XENON WEISS<\/strong><\/span><\/a><\/li>\n<li><span style=\"color: #000000;\"><a style=\"color: #000000;\" href=\"https:\/\/www.alldayled.com\/de\/produkt\/mercedes-actros-drl-unit-warm-wit\/\" target=\"_blank\" rel=\"noopener\"><strong>MB Actros 2020+ WARM WEISS<\/strong><\/a><\/span><\/li>\n<li><span style=\"color: #000000;\"><a style=\"color: #000000;\" href=\"https:\/\/www.alldayled.com\/de\/produkt\/mercedes-arocs-drl-unit-warm-wit\/\" target=\"_blank\" rel=\"noopener\"><strong>MB Arocs 2022+ WARM WEISS<\/strong><\/a><\/span><\/li>\n<li><span style=\"color: #000000;\"><a style=\"color: #000000;\" href=\"https:\/\/www.alldayled.com\/de\/produkt\/mercedes-arocs-drl-unit-oranje\/\" target=\"_blank\" rel=\"noopener\"><strong>MB Arocs 2022+ ORANGE<\/strong><\/a><\/span><\/li>\n<\/ul>\n<\/div>\n<p><span style=\"color: #000000;\">M\u00f6chten Sie nicht nur das Tagfahrlicht orange Ihres Mercedes Actros ab 2020+ ersetzen? Sondern sind Sie auf der Suche nach mehr LED Beleuchtung, die Sie in oder um Ihren LKW montieren k\u00f6nnen? Dann werfen Sie auch einen Blick auf die Seite <a style=\"color: #000000;\" href=\"https:\/\/www.alldayled.com\/de\/produkt-kategorie\/beleuchtungswagen\/mercedes-verlichting\/\" target=\"_blank\" rel=\"noopener\">Mercedes verlichting<\/a>.  <\/span><\/p>\n","protected":false},"excerpt":{"rendered":"<p>DRL Einheit orange, geeignet f\u00fcr Mercedes Actros mit Baujahr 2020+.<\/p>\n","protected":false},"featured_media":29649,"comment_status":"open","ping_status":"closed","template":"","meta":{"_acf_changed":false},"product_brand":[6501],"product_cat":[5408,5328],"product_tag":[5573,9384,9383],"class_list":{"0":"post-66671","1":"product","2":"type-product","3":"status-publish","4":"has-post-thumbnail","6":"product_brand-mtrs","7":"product_cat-mercedes-verlichting","8":"product_cat-dagrijlampen","9":"product_tag-drl-module","10":"product_tag-led-tagfahrlicht","11":"product_tag-tagfahrlicht-lkw","13":"first","14":"instock","15":"taxable","16":"shipping-taxable","17":"purchasable","18":"product-type-simple"},"acf":[],"yoast_head":"<!-- This site is optimized with the Yoast SEO Premium plugin v26.5 (Yoast SEO v27.1.1) - https:\/\/yoast.com\/product\/yoast-seo-premium-wordpress\/ -->\n<title>Mercedes Actros Tagfahrlicht ORANGE - All Day Led - Bj 2020+<\/title>\n<meta name=\"description\" content=\"Mercedes Actros Tagfahrlicht orange - 2020+ - f\u00fcr die Actros Modelle mit LED \/ Xenon Scheinwerfer - DRL Einheit - Plug &amp; Play - LKW Beleuchtung\" \/>\n<meta name=\"robots\" content=\"index, follow, max-snippet:-1, max-image-preview:large, max-video-preview:-1\" \/>\n<link rel=\"canonical\" href=\"https:\/\/www.alldayled.com\/de\/produkt\/mercedes-actros-drl-unit-oranje\/\" \/>\n<meta property=\"og:locale\" content=\"de_DE\" \/>\n<meta property=\"og:type\" content=\"article\" \/>\n<meta property=\"og:title\" content=\"Mercedes Actros Tagfahrlicht ORANGE - All Day Led - Bj 2020+\" \/>\n<meta property=\"og:description\" content=\"Mercedes Actros Tagfahrlicht orange - 2020+ - f\u00fcr die Actros Modelle mit LED \/ Xenon Scheinwerfer - DRL Einheit - Plug &amp; Play - LKW Beleuchtung\" \/>\n<meta property=\"og:url\" content=\"https:\/\/www.alldayled.com\/de\/produkt\/mercedes-actros-drl-unit-oranje\/\" \/>\n<meta property=\"og:site_name\" content=\"All Day Led\" \/>\n<meta property=\"article:publisher\" content=\"https:\/\/www.facebook.com\/alldayled\/\" \/>\n<meta property=\"article:modified_time\" content=\"2026-02-19T15:39:49+00:00\" \/>\n<meta property=\"og:image\" content=\"https:\/\/www.alldayled.com\/wp-content\/uploads\/2023\/03\/ADL41030-SM-2-300x300.png\" \/>\n<meta name=\"twitter:label1\" content=\"Preis\" \/>\n\t<meta name=\"twitter:data1\" content=\"&euro;&nbsp;165,00\" \/>\n\t<meta name=\"twitter:label2\" content=\"Verf\u00fcgbarkeit\" \/>\n\t<meta name=\"twitter:data2\" content=\"Auf Lager\" \/>\n<script type=\"application\/ld+json\" class=\"yoast-schema-graph\">{\"@context\":\"https:\/\/schema.org\",\"@graph\":[{\"@type\":\"WebPage\",\"@id\":\"https:\/\/www.alldayled.com\/de\/produkt\/mercedes-actros-drl-unit-oranje\/\",\"url\":\"https:\/\/www.alldayled.com\/de\/produkt\/mercedes-actros-drl-unit-oranje\/\",\"name\":\"Mercedes Actros Tagfahrlicht ORANGE - All Day Led - Bj 2020+\",\"isPartOf\":{\"@id\":\"https:\/\/www.alldayled.com\/de\/#website\"},\"primaryImageOfPage\":{\"@id\":\"https:\/\/www.alldayled.com\/de\/produkt\/mercedes-actros-drl-unit-oranje\/#primaryimage\"},\"image\":{\"@id\":\"https:\/\/www.alldayled.com\/de\/produkt\/mercedes-actros-drl-unit-oranje\/#primaryimage\"},\"thumbnailUrl\":\"https:\/\/www.alldayled.com\/wp-content\/uploads\/2024\/07\/ADL41030.png\",\"datePublished\":\"2023-03-17T13:00:29+00:00\",\"dateModified\":\"2026-02-19T15:39:49+00:00\",\"description\":\"Mercedes Actros Tagfahrlicht orange - 2020+ - f\u00fcr die Actros Modelle mit LED \/ Xenon Scheinwerfer - DRL Einheit - Plug & Play - LKW Beleuchtung\",\"breadcrumb\":{\"@id\":\"https:\/\/www.alldayled.com\/de\/produkt\/mercedes-actros-drl-unit-oranje\/#breadcrumb\"},\"inLanguage\":\"de\",\"potentialAction\":[{\"@type\":\"ReadAction\",\"target\":[\"https:\/\/www.alldayled.com\/de\/produkt\/mercedes-actros-drl-unit-oranje\/\"]}]},{\"@type\":\"ImageObject\",\"inLanguage\":\"de\",\"@id\":\"https:\/\/www.alldayled.com\/de\/produkt\/mercedes-actros-drl-unit-oranje\/#primaryimage\",\"url\":\"https:\/\/www.alldayled.com\/wp-content\/uploads\/2024\/07\/ADL41030.png\",\"contentUrl\":\"https:\/\/www.alldayled.com\/wp-content\/uploads\/2024\/07\/ADL41030.png\",\"width\":800,\"height\":600,\"caption\":\"Mercedes Actros LED Tagfahrlicht ORANGE - geeignet f\u00fcr LED und Xenon Scheinwerfer - ab Baujahr 2020 - EAN: 6090549690613\"},{\"@type\":\"BreadcrumbList\",\"@id\":\"https:\/\/www.alldayled.com\/de\/produkt\/mercedes-actros-drl-unit-oranje\/#breadcrumb\",\"itemListElement\":[{\"@type\":\"ListItem\",\"position\":1,\"name\":\"Home\",\"item\":\"https:\/\/www.alldayled.com\/de\/\"},{\"@type\":\"ListItem\",\"position\":2,\"name\":\"Shop\",\"item\":\"https:\/\/www.alldayled.com\/de\/shop\/\"},{\"@type\":\"ListItem\",\"position\":3,\"name\":\"Beleuchtung LKW\",\"item\":\"https:\/\/www.alldayled.com\/de\/produkt-kategorie\/beleuchtungswagen\/\"},{\"@type\":\"ListItem\",\"position\":4,\"name\":\"Mercedes Beleuchtung\",\"item\":\"https:\/\/www.alldayled.com\/de\/produkt-kategorie\/beleuchtungswagen\/mercedes-verlichting\/\"},{\"@type\":\"ListItem\",\"position\":5,\"name\":\"Tagfahrlicht Mercedes Actros 2020+ orange\"}]},{\"@type\":\"WebSite\",\"@id\":\"https:\/\/www.alldayled.com\/de\/#website\",\"url\":\"https:\/\/www.alldayled.com\/de\/\",\"name\":\"All Day Led\",\"description\":\"Verlichting voor 12&amp;24 volt gebruik\",\"publisher\":{\"@id\":\"https:\/\/www.alldayled.com\/de\/#organization\"},\"potentialAction\":[{\"@type\":\"SearchAction\",\"target\":{\"@type\":\"EntryPoint\",\"urlTemplate\":\"https:\/\/www.alldayled.com\/de\/?s={search_term_string}\"},\"query-input\":{\"@type\":\"PropertyValueSpecification\",\"valueRequired\":true,\"valueName\":\"search_term_string\"}}],\"inLanguage\":\"de\"},{\"@type\":\"Organization\",\"@id\":\"https:\/\/www.alldayled.com\/de\/#organization\",\"name\":\"All Day Led\",\"url\":\"https:\/\/www.alldayled.com\/de\/\",\"logo\":{\"@type\":\"ImageObject\",\"inLanguage\":\"de\",\"@id\":\"https:\/\/www.alldayled.com\/de\/#\/schema\/logo\/image\/\",\"url\":\"https:\/\/www.alldayled.com\/wp-content\/uploads\/2025\/10\/Logo-ALL-DAY-LED-800x800-zwart-witte-letters.png\",\"contentUrl\":\"https:\/\/www.alldayled.com\/wp-content\/uploads\/2025\/10\/Logo-ALL-DAY-LED-800x800-zwart-witte-letters.png\",\"width\":800,\"height\":800,\"caption\":\"All Day Led\"},\"image\":{\"@id\":\"https:\/\/www.alldayled.com\/de\/#\/schema\/logo\/image\/\"},\"sameAs\":[\"https:\/\/www.facebook.com\/alldayled\/\",\"https:\/\/www.instagram.com\/alldayled\/\"],\"vatID\":\"NL863960133B01\",\"taxID\":\"86416545\"}]}<\/script>\n<meta property=\"product:brand\" content=\"MTRS\" \/>\n<meta property=\"product:price:amount\" content=\"165.00\" \/>\n<meta property=\"product:price:currency\" content=\"EUR\" \/>\n<meta property=\"og:availability\" content=\"instock\" \/>\n<meta property=\"product:availability\" content=\"instock\" \/>\n<meta property=\"product:retailer_item_id\" content=\"ADL41030\" \/>\n<meta property=\"product:condition\" content=\"new\" \/>\n<!-- \/ Yoast SEO Premium plugin. -->","yoast_head_json":{"title":"Mercedes Actros Tagfahrlicht ORANGE - All Day Led - Bj 2020+","description":"Mercedes Actros Tagfahrlicht orange - 2020+ - f\u00fcr die Actros Modelle mit LED \/ Xenon Scheinwerfer - DRL Einheit - Plug & Play - LKW Beleuchtung","robots":{"index":"index","follow":"follow","max-snippet":"max-snippet:-1","max-image-preview":"max-image-preview:large","max-video-preview":"max-video-preview:-1"},"canonical":"https:\/\/www.alldayled.com\/de\/produkt\/mercedes-actros-drl-unit-oranje\/","og_locale":"de_DE","og_type":"article","og_title":"Mercedes Actros Tagfahrlicht ORANGE - All Day Led - Bj 2020+","og_description":"Mercedes Actros Tagfahrlicht orange - 2020+ - f\u00fcr die Actros Modelle mit LED \/ Xenon Scheinwerfer - DRL Einheit - Plug & Play - LKW Beleuchtung","og_url":"https:\/\/www.alldayled.com\/de\/produkt\/mercedes-actros-drl-unit-oranje\/","og_site_name":"All Day Led","article_publisher":"https:\/\/www.facebook.com\/alldayled\/","article_modified_time":"2026-02-19T15:39:49+00:00","og_image":[{"url":"https:\/\/www.alldayled.com\/wp-content\/uploads\/2023\/03\/ADL41030-SM-2-300x300.png","type":"","width":"","height":""}],"twitter_misc":{"Preis":"&euro;&nbsp;165,00","Verf\u00fcgbarkeit":"Auf Lager"},"schema":{"@context":"https:\/\/schema.org","@graph":[{"@type":"WebPage","@id":"https:\/\/www.alldayled.com\/de\/produkt\/mercedes-actros-drl-unit-oranje\/","url":"https:\/\/www.alldayled.com\/de\/produkt\/mercedes-actros-drl-unit-oranje\/","name":"Mercedes Actros Tagfahrlicht ORANGE - All Day Led - Bj 2020+","isPartOf":{"@id":"https:\/\/www.alldayled.com\/de\/#website"},"primaryImageOfPage":{"@id":"https:\/\/www.alldayled.com\/de\/produkt\/mercedes-actros-drl-unit-oranje\/#primaryimage"},"image":{"@id":"https:\/\/www.alldayled.com\/de\/produkt\/mercedes-actros-drl-unit-oranje\/#primaryimage"},"thumbnailUrl":"https:\/\/www.alldayled.com\/wp-content\/uploads\/2024\/07\/ADL41030.png","datePublished":"2023-03-17T13:00:29+00:00","dateModified":"2026-02-19T15:39:49+00:00","description":"Mercedes Actros Tagfahrlicht orange - 2020+ - f\u00fcr die Actros Modelle mit LED \/ Xenon Scheinwerfer - DRL Einheit - Plug & Play - LKW Beleuchtung","breadcrumb":{"@id":"https:\/\/www.alldayled.com\/de\/produkt\/mercedes-actros-drl-unit-oranje\/#breadcrumb"},"inLanguage":"de","potentialAction":[{"@type":"ReadAction","target":["https:\/\/www.alldayled.com\/de\/produkt\/mercedes-actros-drl-unit-oranje\/"]}]},{"@type":"ImageObject","inLanguage":"de","@id":"https:\/\/www.alldayled.com\/de\/produkt\/mercedes-actros-drl-unit-oranje\/#primaryimage","url":"https:\/\/www.alldayled.com\/wp-content\/uploads\/2024\/07\/ADL41030.png","contentUrl":"https:\/\/www.alldayled.com\/wp-content\/uploads\/2024\/07\/ADL41030.png","width":800,"height":600,"caption":"Mercedes Actros LED Tagfahrlicht ORANGE - geeignet f\u00fcr LED und Xenon Scheinwerfer - ab Baujahr 2020 - EAN: 6090549690613"},{"@type":"BreadcrumbList","@id":"https:\/\/www.alldayled.com\/de\/produkt\/mercedes-actros-drl-unit-oranje\/#breadcrumb","itemListElement":[{"@type":"ListItem","position":1,"name":"Home","item":"https:\/\/www.alldayled.com\/de\/"},{"@type":"ListItem","position":2,"name":"Shop","item":"https:\/\/www.alldayled.com\/de\/shop\/"},{"@type":"ListItem","position":3,"name":"Beleuchtung LKW","item":"https:\/\/www.alldayled.com\/de\/produkt-kategorie\/beleuchtungswagen\/"},{"@type":"ListItem","position":4,"name":"Mercedes Beleuchtung","item":"https:\/\/www.alldayled.com\/de\/produkt-kategorie\/beleuchtungswagen\/mercedes-verlichting\/"},{"@type":"ListItem","position":5,"name":"Tagfahrlicht Mercedes Actros 2020+ orange"}]},{"@type":"WebSite","@id":"https:\/\/www.alldayled.com\/de\/#website","url":"https:\/\/www.alldayled.com\/de\/","name":"All Day Led","description":"Verlichting voor 12&amp;24 volt gebruik","publisher":{"@id":"https:\/\/www.alldayled.com\/de\/#organization"},"potentialAction":[{"@type":"SearchAction","target":{"@type":"EntryPoint","urlTemplate":"https:\/\/www.alldayled.com\/de\/?s={search_term_string}"},"query-input":{"@type":"PropertyValueSpecification","valueRequired":true,"valueName":"search_term_string"}}],"inLanguage":"de"},{"@type":"Organization","@id":"https:\/\/www.alldayled.com\/de\/#organization","name":"All Day Led","url":"https:\/\/www.alldayled.com\/de\/","logo":{"@type":"ImageObject","inLanguage":"de","@id":"https:\/\/www.alldayled.com\/de\/#\/schema\/logo\/image\/","url":"https:\/\/www.alldayled.com\/wp-content\/uploads\/2025\/10\/Logo-ALL-DAY-LED-800x800-zwart-witte-letters.png","contentUrl":"https:\/\/www.alldayled.com\/wp-content\/uploads\/2025\/10\/Logo-ALL-DAY-LED-800x800-zwart-witte-letters.png","width":800,"height":800,"caption":"All Day Led"},"image":{"@id":"https:\/\/www.alldayled.com\/de\/#\/schema\/logo\/image\/"},"sameAs":["https:\/\/www.facebook.com\/alldayled\/","https:\/\/www.instagram.com\/alldayled\/"],"vatID":"NL863960133B01","taxID":"86416545"}]},"product_brand":"MTRS","product_price_amount":"165.00","product_price_currency":"EUR","og_availability":"instock","product_availability":"instock","product_retailer_item_id":"ADL41030","product_condition":"new"},"_links":{"self":[{"href":"https:\/\/www.alldayled.com\/de\/wp-json\/wp\/v2\/product\/66671","targetHints":{"allow":["GET"]}}],"collection":[{"href":"https:\/\/www.alldayled.com\/de\/wp-json\/wp\/v2\/product"}],"about":[{"href":"https:\/\/www.alldayled.com\/de\/wp-json\/wp\/v2\/types\/product"}],"replies":[{"embeddable":true,"href":"https:\/\/www.alldayled.com\/de\/wp-json\/wp\/v2\/comments?post=66671"}],"wp:featuredmedia":[{"embeddable":true,"href":"https:\/\/www.alldayled.com\/de\/wp-json\/wp\/v2\/media\/29649"}],"wp:attachment":[{"href":"https:\/\/www.alldayled.com\/de\/wp-json\/wp\/v2\/media?parent=66671"}],"wp:term":[{"taxonomy":"product_brand","embeddable":true,"href":"https:\/\/www.alldayled.com\/de\/wp-json\/wp\/v2\/product_brand?post=66671"},{"taxonomy":"product_cat","embeddable":true,"href":"https:\/\/www.alldayled.com\/de\/wp-json\/wp\/v2\/product_cat?post=66671"},{"taxonomy":"product_tag","embeddable":true,"href":"https:\/\/www.alldayled.com\/de\/wp-json\/wp\/v2\/product_tag?post=66671"}],"curies":[{"name":"wp","href":"https:\/\/api.w.org\/{rel}","templated":true}]}}