{"id":66680,"date":"2023-03-17T14:17:33","date_gmt":"2023-03-17T13:17:33","guid":{"rendered":"https:\/\/www.alldayled.com\/product\/mercedes-arocs-drl-unit-warm-wit\/"},"modified":"2023-03-17T14:17:33","modified_gmt":"2023-03-17T13:17:33","slug":"mercedes-arocs-drl-unit-warm-wit","status":"publish","type":"product","link":"https:\/\/www.alldayled.com\/de\/produkt\/mercedes-arocs-drl-unit-warm-wit\/","title":{"rendered":"Tagfahrlicht Mercedes Arocs 2022+ warm wei\u00df"},"content":{"rendered":"<p><span style=\"color: #000000;\"><strong>Tagfahrlicht WARM WEISS, geeignet f\u00fcr einen Mercedes Arocs mit Baujahr 2022+.<\/strong><\/span><\/p>\n<p><span style=\"color: #000000;\">M\u00f6chten Sie Ihr originales wei\u00dfes LED Tagfahrlicht Ihres Mercedes Arocs durch eine warm wei\u00dfe Farbe ersetzen? Dann ist dieses DRL-Set vielleicht das Set, das Sie suchen. Dieses Set besteht aus zwei LED-Pl\u00e4ttchen, mit denen Sie sowohl die linke als auch die rechte Module ver\u00e4ndern k\u00f6nnen. Sie ersetzen die original montierte Beleuchtung einfach durch die warm wei\u00dfe Variante. Unten auf der Seite finden Sie die Schritte, die Sie hierf\u00fcr befolgen m\u00fcssen.     <\/span><\/p>\n<p><span style=\"color: #000000;\">Da Sie vor dem Kauf wissen m\u00f6chten, dass das Set f\u00fcr Ihren LKW geeignet ist, haben wir hier einige wichtige Punkte aufgeschrieben. Es ist wichtig, dass die original montierten Einheiten exakt die gleichen sind wie die auf Abbildung zwei. Wenn die original montierte Einheit nicht \u00fcbereinstimmt, passt diese Ersatzlampe nicht.   Weiterhin ist das Mercedes Arocs Tagfahrlicht warm wei\u00df nur f\u00fcr Modelle ab Baujahr 2022+ geeignet. Diese DRL-Einheit ist f\u00fcr die \u00f6ffentliche Stra\u00dfe geeignet, aber w\u00e4hrend der HU kann die Werkstatt Sie bitten, die originale Module zur\u00fcck zu platzieren. Bewahren Sie diese also gut auf, um Probleme bei der Inspektion zu vermeiden.  <\/span><\/p>\n<div class=\"truncated\">\n<h5><span style=\"color: #000000;\"><strong>Weitere Modelle:  <\/strong><\/span><\/h5>\n<p><span style=\"color: #000000;\">Haben Sie zwar einen Mercedes LKW, aber ist dieser nicht mit den gleichen Einheiten versehen, die auf Abbildung 2 abgebildet sind? Oder m\u00f6chten Sie einfach eine andere Farbe? Sehen Sie sich dann hier unten die \u00fcbrigen verf\u00fcgbaren Modelle DRL Einheiten f\u00fcr den Mercedes LKW an:   <\/span><\/p>\n<ul>\n<li><a href=\"https:\/\/www.alldayled.com\/de\/produkt\/dagrijverlichting-mercedes-actros-2020-xenon-wit\/\"><span style=\"color: #000000;\"><strong>MB Actros 2020+ XENON WEISS<\/strong><\/span><\/a><\/li>\n<li><span style=\"color: #000000;\"><a style=\"color: #000000;\" href=\"https:\/\/www.alldayled.com\/de\/produkt\/mercedes-actros-drl-unit-warm-wit\/\" target=\"_blank\" rel=\"noopener\"><strong>MB Actros 2022+ WARM WEISS<\/strong><\/a><\/span><\/li>\n<li><span style=\"color: #000000;\"><strong><a style=\"color: #000000;\" href=\"https:\/\/www.alldayled.com\/de\/produkt\/mercedes-actros-drl-unit-oranje\/\" target=\"_blank\" rel=\"noopener\">MB Actros 2020+ ORANGE<\/a> <\/strong><\/span><\/li>\n<li><a href=\"https:\/\/www.alldayled.com\/de\/produkt\/mercedes-arocs-drl-unit-oranje\/\" target=\"_blank\" rel=\"noopener\"><span style=\"color: #000000;\"><strong>MB Arocs 2022+ ORANGE <\/strong><\/span><\/a><\/li>\n<\/ul>\n<\/div>\n<p><span style=\"color: #000000;\">M\u00f6chten Sie nicht nur das Tagfahrlicht warm wei\u00df Ihres Mercedes Arocs ab 2022+ ersetzen? Sondern sind Sie auf der Suche nach mehr LED Beleuchtung, die Sie in oder um Ihren LKW montieren k\u00f6nnen? Dann werfen Sie auch einen Blick auf die Seite <a style=\"color: #000000;\" href=\"https:\/\/www.alldayled.com\/de\/produkt-kategorie\/beleuchtungswagen\/mercedes-verlichting\/\" target=\"_blank\" rel=\"noopener\">Mercedes verlichting<\/a>.  <\/span><\/p>\n","protected":false},"excerpt":{"rendered":"<p>DRL Einheit warm wei\u00df, geeignet f\u00fcr Mercedes Arocs mit Baujahr 2022+.<\/p>\n","protected":false},"featured_media":29763,"comment_status":"open","ping_status":"closed","template":"","meta":{"_acf_changed":false},"product_brand":[6501],"product_cat":[5408,5328],"product_tag":[5573,9384,9383],"class_list":{"0":"post-66680","1":"product","2":"type-product","3":"status-publish","4":"has-post-thumbnail","6":"product_brand-mtrs","7":"product_cat-mercedes-verlichting","8":"product_cat-dagrijlampen","9":"product_tag-drl-module","10":"product_tag-led-tagfahrlicht","11":"product_tag-tagfahrlicht-lkw","13":"first","14":"instock","15":"taxable","16":"shipping-taxable","17":"purchasable","18":"product-type-simple"},"acf":[],"yoast_head":"<!-- This site is optimized with the Yoast SEO Premium plugin v26.5 (Yoast SEO v27.1.1) - https:\/\/yoast.com\/product\/yoast-seo-premium-wordpress\/ -->\n<title>Mercedes Arocs Tagfahrlicht WARM WEISS - All Day Led - Bj 2022+<\/title>\n<meta name=\"description\" content=\"Mercedes Arocs Tagfahrlicht warm wei\u00df - 2022+ - f\u00fcr die Actros Modelle mit LED \/ Xenon Scheinwerfer - DRL Einheit - Plug &amp; Play - LKW Beleuchtung\" \/>\n<meta name=\"robots\" content=\"index, follow, max-snippet:-1, max-image-preview:large, max-video-preview:-1\" \/>\n<link rel=\"canonical\" href=\"https:\/\/www.alldayled.com\/de\/produkt\/mercedes-arocs-drl-unit-warm-wit\/\" \/>\n<meta property=\"og:locale\" content=\"de_DE\" \/>\n<meta property=\"og:type\" content=\"article\" \/>\n<meta property=\"og:title\" content=\"Mercedes Arocs Tagfahrlicht WARM WEISS - All Day Led - Bj 2022+\" \/>\n<meta property=\"og:description\" content=\"Mercedes Arocs Tagfahrlicht warm wei\u00df - 2022+ - f\u00fcr die Actros Modelle mit LED \/ Xenon Scheinwerfer - DRL Einheit - Plug &amp; Play - LKW Beleuchtung\" \/>\n<meta property=\"og:url\" content=\"https:\/\/www.alldayled.com\/de\/produkt\/mercedes-arocs-drl-unit-warm-wit\/\" \/>\n<meta property=\"og:site_name\" content=\"All Day Led\" \/>\n<meta property=\"article:publisher\" content=\"https:\/\/www.facebook.com\/alldayled\/\" \/>\n<meta property=\"og:image\" content=\"https:\/\/www.alldayled.com\/wp-content\/uploads\/2023\/03\/ADL41052-SM-2-300x300.png\" \/>\n<meta name=\"twitter:label1\" content=\"Preis\" \/>\n\t<meta name=\"twitter:data1\" content=\"&euro;&nbsp;165,00\" \/>\n\t<meta name=\"twitter:label2\" content=\"Verf\u00fcgbarkeit\" \/>\n\t<meta name=\"twitter:data2\" content=\"Auf Lager\" \/>\n<script type=\"application\/ld+json\" class=\"yoast-schema-graph\">{\"@context\":\"https:\/\/schema.org\",\"@graph\":[{\"@type\":\"WebPage\",\"@id\":\"https:\/\/www.alldayled.com\/de\/produkt\/mercedes-arocs-drl-unit-warm-wit\/\",\"url\":\"https:\/\/www.alldayled.com\/de\/produkt\/mercedes-arocs-drl-unit-warm-wit\/\",\"name\":\"Mercedes Arocs Tagfahrlicht WARM WEISS - All Day Led - Bj 2022+\",\"isPartOf\":{\"@id\":\"https:\/\/www.alldayled.com\/de\/#website\"},\"primaryImageOfPage\":{\"@id\":\"https:\/\/www.alldayled.com\/de\/produkt\/mercedes-arocs-drl-unit-warm-wit\/#primaryimage\"},\"image\":{\"@id\":\"https:\/\/www.alldayled.com\/de\/produkt\/mercedes-arocs-drl-unit-warm-wit\/#primaryimage\"},\"thumbnailUrl\":\"https:\/\/www.alldayled.com\/wp-content\/uploads\/2024\/07\/ADL41052.png\",\"datePublished\":\"2023-03-17T13:17:33+00:00\",\"description\":\"Mercedes Arocs Tagfahrlicht warm wei\u00df - 2022+ - f\u00fcr die Actros Modelle mit LED \/ Xenon Scheinwerfer - DRL Einheit - Plug & Play - LKW Beleuchtung\",\"breadcrumb\":{\"@id\":\"https:\/\/www.alldayled.com\/de\/produkt\/mercedes-arocs-drl-unit-warm-wit\/#breadcrumb\"},\"inLanguage\":\"de\",\"potentialAction\":[{\"@type\":\"ReadAction\",\"target\":[\"https:\/\/www.alldayled.com\/de\/produkt\/mercedes-arocs-drl-unit-warm-wit\/\"]}]},{\"@type\":\"ImageObject\",\"inLanguage\":\"de\",\"@id\":\"https:\/\/www.alldayled.com\/de\/produkt\/mercedes-arocs-drl-unit-warm-wit\/#primaryimage\",\"url\":\"https:\/\/www.alldayled.com\/wp-content\/uploads\/2024\/07\/ADL41052.png\",\"contentUrl\":\"https:\/\/www.alldayled.com\/wp-content\/uploads\/2024\/07\/ADL41052.png\",\"width\":800,\"height\":600,\"caption\":\"Mercedes Arocs LED Tagfahrlicht WARM WEISS - geeignet f\u00fcr Xenon Scheinwerfer - ab Baujahr 2022 - EAN:\"},{\"@type\":\"BreadcrumbList\",\"@id\":\"https:\/\/www.alldayled.com\/de\/produkt\/mercedes-arocs-drl-unit-warm-wit\/#breadcrumb\",\"itemListElement\":[{\"@type\":\"ListItem\",\"position\":1,\"name\":\"Home\",\"item\":\"https:\/\/www.alldayled.com\/de\/\"},{\"@type\":\"ListItem\",\"position\":2,\"name\":\"Shop\",\"item\":\"https:\/\/www.alldayled.com\/de\/shop\/\"},{\"@type\":\"ListItem\",\"position\":3,\"name\":\"Beleuchtung LKW\",\"item\":\"https:\/\/www.alldayled.com\/de\/produkt-kategorie\/beleuchtungswagen\/\"},{\"@type\":\"ListItem\",\"position\":4,\"name\":\"Mercedes Beleuchtung\",\"item\":\"https:\/\/www.alldayled.com\/de\/produkt-kategorie\/beleuchtungswagen\/mercedes-verlichting\/\"},{\"@type\":\"ListItem\",\"position\":5,\"name\":\"Tagfahrlicht Mercedes Arocs 2022+ warm wei\u00df\"}]},{\"@type\":\"WebSite\",\"@id\":\"https:\/\/www.alldayled.com\/de\/#website\",\"url\":\"https:\/\/www.alldayled.com\/de\/\",\"name\":\"All Day Led\",\"description\":\"Verlichting voor 12&amp;24 volt gebruik\",\"publisher\":{\"@id\":\"https:\/\/www.alldayled.com\/de\/#organization\"},\"potentialAction\":[{\"@type\":\"SearchAction\",\"target\":{\"@type\":\"EntryPoint\",\"urlTemplate\":\"https:\/\/www.alldayled.com\/de\/?s={search_term_string}\"},\"query-input\":{\"@type\":\"PropertyValueSpecification\",\"valueRequired\":true,\"valueName\":\"search_term_string\"}}],\"inLanguage\":\"de\"},{\"@type\":\"Organization\",\"@id\":\"https:\/\/www.alldayled.com\/de\/#organization\",\"name\":\"All Day Led\",\"url\":\"https:\/\/www.alldayled.com\/de\/\",\"logo\":{\"@type\":\"ImageObject\",\"inLanguage\":\"de\",\"@id\":\"https:\/\/www.alldayled.com\/de\/#\/schema\/logo\/image\/\",\"url\":\"https:\/\/www.alldayled.com\/wp-content\/uploads\/2025\/10\/Logo-ALL-DAY-LED-800x800-zwart-witte-letters.png\",\"contentUrl\":\"https:\/\/www.alldayled.com\/wp-content\/uploads\/2025\/10\/Logo-ALL-DAY-LED-800x800-zwart-witte-letters.png\",\"width\":800,\"height\":800,\"caption\":\"All Day Led\"},\"image\":{\"@id\":\"https:\/\/www.alldayled.com\/de\/#\/schema\/logo\/image\/\"},\"sameAs\":[\"https:\/\/www.facebook.com\/alldayled\/\",\"https:\/\/www.instagram.com\/alldayled\/\"],\"vatID\":\"NL863960133B01\",\"taxID\":\"86416545\"}]}<\/script>\n<meta property=\"product:brand\" content=\"MTRS\" \/>\n<meta property=\"product:price:amount\" content=\"165.00\" \/>\n<meta property=\"product:price:currency\" content=\"EUR\" \/>\n<meta property=\"og:availability\" content=\"instock\" \/>\n<meta property=\"product:availability\" content=\"instock\" \/>\n<meta property=\"product:retailer_item_id\" content=\"ADL41052\" \/>\n<meta property=\"product:condition\" content=\"new\" \/>\n<!-- \/ Yoast SEO Premium plugin. -->","yoast_head_json":{"title":"Mercedes Arocs Tagfahrlicht WARM WEISS - All Day Led - Bj 2022+","description":"Mercedes Arocs Tagfahrlicht warm wei\u00df - 2022+ - f\u00fcr die Actros Modelle mit LED \/ Xenon Scheinwerfer - DRL Einheit - Plug & Play - LKW Beleuchtung","robots":{"index":"index","follow":"follow","max-snippet":"max-snippet:-1","max-image-preview":"max-image-preview:large","max-video-preview":"max-video-preview:-1"},"canonical":"https:\/\/www.alldayled.com\/de\/produkt\/mercedes-arocs-drl-unit-warm-wit\/","og_locale":"de_DE","og_type":"article","og_title":"Mercedes Arocs Tagfahrlicht WARM WEISS - All Day Led - Bj 2022+","og_description":"Mercedes Arocs Tagfahrlicht warm wei\u00df - 2022+ - f\u00fcr die Actros Modelle mit LED \/ Xenon Scheinwerfer - DRL Einheit - Plug & Play - LKW Beleuchtung","og_url":"https:\/\/www.alldayled.com\/de\/produkt\/mercedes-arocs-drl-unit-warm-wit\/","og_site_name":"All Day Led","article_publisher":"https:\/\/www.facebook.com\/alldayled\/","og_image":[{"url":"https:\/\/www.alldayled.com\/wp-content\/uploads\/2023\/03\/ADL41052-SM-2-300x300.png","type":"","width":"","height":""}],"twitter_misc":{"Preis":"&euro;&nbsp;165,00","Verf\u00fcgbarkeit":"Auf Lager"},"schema":{"@context":"https:\/\/schema.org","@graph":[{"@type":"WebPage","@id":"https:\/\/www.alldayled.com\/de\/produkt\/mercedes-arocs-drl-unit-warm-wit\/","url":"https:\/\/www.alldayled.com\/de\/produkt\/mercedes-arocs-drl-unit-warm-wit\/","name":"Mercedes Arocs Tagfahrlicht WARM WEISS - All Day Led - Bj 2022+","isPartOf":{"@id":"https:\/\/www.alldayled.com\/de\/#website"},"primaryImageOfPage":{"@id":"https:\/\/www.alldayled.com\/de\/produkt\/mercedes-arocs-drl-unit-warm-wit\/#primaryimage"},"image":{"@id":"https:\/\/www.alldayled.com\/de\/produkt\/mercedes-arocs-drl-unit-warm-wit\/#primaryimage"},"thumbnailUrl":"https:\/\/www.alldayled.com\/wp-content\/uploads\/2024\/07\/ADL41052.png","datePublished":"2023-03-17T13:17:33+00:00","description":"Mercedes Arocs Tagfahrlicht warm wei\u00df - 2022+ - f\u00fcr die Actros Modelle mit LED \/ Xenon Scheinwerfer - DRL Einheit - Plug & Play - LKW Beleuchtung","breadcrumb":{"@id":"https:\/\/www.alldayled.com\/de\/produkt\/mercedes-arocs-drl-unit-warm-wit\/#breadcrumb"},"inLanguage":"de","potentialAction":[{"@type":"ReadAction","target":["https:\/\/www.alldayled.com\/de\/produkt\/mercedes-arocs-drl-unit-warm-wit\/"]}]},{"@type":"ImageObject","inLanguage":"de","@id":"https:\/\/www.alldayled.com\/de\/produkt\/mercedes-arocs-drl-unit-warm-wit\/#primaryimage","url":"https:\/\/www.alldayled.com\/wp-content\/uploads\/2024\/07\/ADL41052.png","contentUrl":"https:\/\/www.alldayled.com\/wp-content\/uploads\/2024\/07\/ADL41052.png","width":800,"height":600,"caption":"Mercedes Arocs LED Tagfahrlicht WARM WEISS - geeignet f\u00fcr Xenon Scheinwerfer - ab Baujahr 2022 - EAN:"},{"@type":"BreadcrumbList","@id":"https:\/\/www.alldayled.com\/de\/produkt\/mercedes-arocs-drl-unit-warm-wit\/#breadcrumb","itemListElement":[{"@type":"ListItem","position":1,"name":"Home","item":"https:\/\/www.alldayled.com\/de\/"},{"@type":"ListItem","position":2,"name":"Shop","item":"https:\/\/www.alldayled.com\/de\/shop\/"},{"@type":"ListItem","position":3,"name":"Beleuchtung LKW","item":"https:\/\/www.alldayled.com\/de\/produkt-kategorie\/beleuchtungswagen\/"},{"@type":"ListItem","position":4,"name":"Mercedes Beleuchtung","item":"https:\/\/www.alldayled.com\/de\/produkt-kategorie\/beleuchtungswagen\/mercedes-verlichting\/"},{"@type":"ListItem","position":5,"name":"Tagfahrlicht Mercedes Arocs 2022+ warm wei\u00df"}]},{"@type":"WebSite","@id":"https:\/\/www.alldayled.com\/de\/#website","url":"https:\/\/www.alldayled.com\/de\/","name":"All Day Led","description":"Verlichting voor 12&amp;24 volt gebruik","publisher":{"@id":"https:\/\/www.alldayled.com\/de\/#organization"},"potentialAction":[{"@type":"SearchAction","target":{"@type":"EntryPoint","urlTemplate":"https:\/\/www.alldayled.com\/de\/?s={search_term_string}"},"query-input":{"@type":"PropertyValueSpecification","valueRequired":true,"valueName":"search_term_string"}}],"inLanguage":"de"},{"@type":"Organization","@id":"https:\/\/www.alldayled.com\/de\/#organization","name":"All Day Led","url":"https:\/\/www.alldayled.com\/de\/","logo":{"@type":"ImageObject","inLanguage":"de","@id":"https:\/\/www.alldayled.com\/de\/#\/schema\/logo\/image\/","url":"https:\/\/www.alldayled.com\/wp-content\/uploads\/2025\/10\/Logo-ALL-DAY-LED-800x800-zwart-witte-letters.png","contentUrl":"https:\/\/www.alldayled.com\/wp-content\/uploads\/2025\/10\/Logo-ALL-DAY-LED-800x800-zwart-witte-letters.png","width":800,"height":800,"caption":"All Day Led"},"image":{"@id":"https:\/\/www.alldayled.com\/de\/#\/schema\/logo\/image\/"},"sameAs":["https:\/\/www.facebook.com\/alldayled\/","https:\/\/www.instagram.com\/alldayled\/"],"vatID":"NL863960133B01","taxID":"86416545"}]},"product_brand":"MTRS","product_price_amount":"165.00","product_price_currency":"EUR","og_availability":"instock","product_availability":"instock","product_retailer_item_id":"ADL41052","product_condition":"new"},"_links":{"self":[{"href":"https:\/\/www.alldayled.com\/de\/wp-json\/wp\/v2\/product\/66680","targetHints":{"allow":["GET"]}}],"collection":[{"href":"https:\/\/www.alldayled.com\/de\/wp-json\/wp\/v2\/product"}],"about":[{"href":"https:\/\/www.alldayled.com\/de\/wp-json\/wp\/v2\/types\/product"}],"replies":[{"embeddable":true,"href":"https:\/\/www.alldayled.com\/de\/wp-json\/wp\/v2\/comments?post=66680"}],"wp:featuredmedia":[{"embeddable":true,"href":"https:\/\/www.alldayled.com\/de\/wp-json\/wp\/v2\/media\/29763"}],"wp:attachment":[{"href":"https:\/\/www.alldayled.com\/de\/wp-json\/wp\/v2\/media?parent=66680"}],"wp:term":[{"taxonomy":"product_brand","embeddable":true,"href":"https:\/\/www.alldayled.com\/de\/wp-json\/wp\/v2\/product_brand?post=66680"},{"taxonomy":"product_cat","embeddable":true,"href":"https:\/\/www.alldayled.com\/de\/wp-json\/wp\/v2\/product_cat?post=66680"},{"taxonomy":"product_tag","embeddable":true,"href":"https:\/\/www.alldayled.com\/de\/wp-json\/wp\/v2\/product_tag?post=66680"}],"curies":[{"name":"wp","href":"https:\/\/api.w.org\/{rel}","templated":true}]}}